{"id":17961,"date":"2015-03-10T14:16:27","date_gmt":"2015-03-10T19:16:27","guid":{"rendered":"http:\/\/cmeded.com\/?page_id=17961"},"modified":"2023-08-24T18:48:39","modified_gmt":"2023-08-24T23:48:39","slug":"symptoms","status":"publish","type":"page","link":"https:\/\/cmeded.com\/es\/head-neck\/laryngeal-cancer\/symptoms\/","title":{"rendered":"S\u00edntomas"},"content":{"rendered":"<h4 class=\"section-title\">S\u00edntomas<\/h4>\n<p class=\"section-content\"><\/div>\n<p> Comun\u00edquese con el m\u00e9dico si manifiesta algunos de los siguientes s\u00edntomas persistentes:<\/p>\n<div class=\"one_half\">\n<div class=\"divider\" id=\"\">\n\t\n\t<\/div><\/p>\n<div class=\"risk-factor\">\n<div class=\"symp-pic\"><img decoding=\"async\" src=\"\/wp-content\/uploads\/2013\/06\/Hoarseness165.jpg\" class=\"aligncenter\" alt=\"Ronquera o cambio en la voz\" style=\"height:150px;\"><\/div>\n<div >\n<h5 class=\"section-title\">Ronquera o cambio en la voz, que persiste o dura m\u00e1s de dos semanas.<br \/>\n<\/h5>\n<\/div>\n<div class=\"clearboth\"><\/div>\n<\/div>\n<div class=\"divider\" id=\"\">\n\t\n\t<\/div>\n<div class=\"risk-factor\">\n<div class=\"symp-pic\"><img decoding=\"async\" src=\"\/wp-content\/uploads\/2021\/06\/C_Swallowing163x175.jpg\" class=\"aligncenter\" alt=\"Dificultad para tragar o dolor al tragar\" style=\"height:150px;\"><\/div>\n<div >\n<h5 class=\"section-title\">Dolor o dificultad para tragar (como la comida que se atora o la comida que va por la tuber\u00eda equivocada).<br \/>\n<\/h5>\n<\/div>\n<div class=\"clearboth\"><\/div>\n<\/div>\n<div class=\"divider\" id=\"\">\n\t\n\t<\/div>\n<div class=\"risk-factor\">\n<div class=\"symp-pic\"><img decoding=\"async\" src=\"\/wp-content\/uploads\/2015\/03\/Larynx-Cancer-Lump-266x2501.jpg\" class=\"aligncenter\" alt=\"Una masa tumoral o protuberancia en la garganta\" style=\"height:150px;\"><\/div>\n<div >\n<h5 class=\"section-title\">Sensaci\u00f3n de llenura en la garganta (sensaci\u00f3n de globo) que persiste o dura m\u00e1s de 2 semanas.<\/h5>\n<\/div>\n<div class=\"clearboth\"><\/div>\n<\/div>\n<div class=\"divider\" id=\"\">\n\t\n\t<\/div>\n<div class=\"risk-factor\">\n<div class=\"symp-pic\"><img decoding=\"async\" src=\"\/wp-content\/uploads\/2013\/03\/Coughing.jpg\" class=\"aligncenter\" alt=\"Tos cr\u00f3nica o dolor de garganta\" style=\"height:150px;\"><\/div>\n<div >\n<h5 class=\"section-title\">Tos cr\u00f3nica o dolor de garganta que persiste m\u00e1s de dos semanas.<br \/>\n<\/h5>\n<\/div>\n<div class=\"clearboth\"><\/div>\n<\/div>\n<div class=\"divider\" id=\"\">\n\t\n\t<\/div><\/div>\n<div class=\"one_half last\">\n<div class=\"divider\" id=\"remove-divider\">\n\t\n\t<\/div><\/p>\n<div class=\"risk-factor\">\n<div class=\"symp-pic\"><img decoding=\"async\" src=\"\/wp-content\/uploads\/2015\/03\/Ear-ache_196x200.jpg\" class=\"aligncenter\" alt=\"Dolor de o\u00eddo cr\u00f3nico\" style=\"height:150px;\"><\/div>\n<div >\n<h5 class=\"section-title\">Dolor de o\u00eddo cr\u00f3nico, particularmente cuando el dolor se experimenta en solamente uno de los o\u00eddos. <\/h5>\n<\/div>\n<div class=\"clearboth\"><\/div>\n<\/div>\n<div class=\"divider\" id=\"\">\n\t\n\t<\/div>\n<div class=\"risk-factor\">\n<div class=\"symp-pic\"><img decoding=\"async\" src=\"\/wp-content\/uploads\/2014\/04\/WeightLossFeet200.png\" class=\"aligncenter\" alt=\"P\u00e9rdida de peso inexplicable\" style=\"height:150px;\"><\/div>\n<div >\n<h5 class=\"section-title\">P\u00e9rdida de peso inexplicable y no planeada.<\/h5>\n<\/div>\n<div class=\"clearboth\"><\/div>\n<\/div>\n<div class=\"divider\" id=\"\">\n\t\n\t<\/div>\n<div class=\"risk-factor\">\n<div class=\"symp-pic\"><img decoding=\"async\" src=\"\/wp-content\/uploads\/2021\/06\/Black_Hispanic_Woman.jpg\" class=\"aligncenter\" alt=\"Falta de aire\" style=\"height:150px;\"><\/div>\n<div >\n<h5 class=\"section-title\">Dificultad para respira<\/h5>\n<\/div>\n<div class=\"clearboth\"><\/div>\n<\/div>\n<div class=\"divider\" id=\"\">\n\t\n\t<\/div>\n<div class=\"risk-factor\">\n<div class=\"symp-pic\"><img decoding=\"async\" src=\"\/wp-content\/uploads\/2013\/05\/Lump150.jpg\" class=\"aligncenter\" alt=\"Una protuberancia o masa tumoral en el cuello a causa de ganglios linf\u00e1ticos inflamados\" style=\"height:150px;\"><\/div>\n<div >\n<h5 class=\"section-title\">Una protuberancia o masa en el cuello a causa de ganglios linf\u00e1ticos inflamados<\/h5>\n<\/div>\n<div class=\"clearboth\"><\/div>\n<\/div>\n<div class=\"divider\" id=\"\">\n\t\n\t<\/div><\/div>\n<div class=\"clearboth\"><\/div>\n","protected":false},"excerpt":{"rendered":"<p>S\u00edntomas Comun\u00edquese con el m\u00e9dico si manifiesta algunos de los siguientes s\u00edntomas persistentes: Ronquera o cambio en la voz, que persiste o dura m\u00e1s de dos semanas. Dolor o dificultad para tragar (como la comida que se atora o la comida que va por la tuber\u00eda equivocada). Sensaci\u00f3n de llenura en la garganta (sensaci\u00f3n de [&hellip;]<\/p>\n","protected":false},"author":35,"featured_media":0,"parent":17920,"menu_order":3,"comment_status":"closed","ping_status":"open","template":"template-tumor.php","meta":{"footnotes":""},"tags":[10],"class_list":["post-17961","page","type-page","status-publish","hentry","tag-members-only"],"yoast_head":"<!-- This site is optimized with the Yoast SEO plugin v25.0 - https:\/\/yoast.com\/wordpress\/plugins\/seo\/ -->\n<title>CMedEd | Informaci\u00f3n para comprender el c\u00e1ncer de laringe | S\u00edntomas<\/title>\n<meta name=\"description\" content=\"S\u00edntomas Comun\u00edquese con el m\u00e9dico si manifiesta algunos de los siguientes s\u00edntomas persistentes: Ronquera o cambio en la voz, que persiste o dura m\u00e1s de\" \/>\n<meta name=\"robots\" content=\"index, follow, max-snippet:-1, max-image-preview:large, max-video-preview:-1\" \/>\n<link rel=\"canonical\" href=\"https:\/\/cmeded.com\/es\/head-neck\/laryngeal-cancer\/symptoms\/\" \/>\n<meta property=\"og:locale\" content=\"es_ES\" \/>\n<meta property=\"og:type\" content=\"article\" \/>\n<meta property=\"og:title\" content=\"CMedEd | Informaci\u00f3n para comprender el c\u00e1ncer de laringe | S\u00edntomas\" \/>\n<meta property=\"og:description\" content=\"S\u00edntomas Comun\u00edquese con el m\u00e9dico si manifiesta algunos de los siguientes s\u00edntomas persistentes: Ronquera o cambio en la voz, que persiste o dura m\u00e1s de\" \/>\n<meta property=\"og:url\" content=\"https:\/\/cmeded.com\/es\/head-neck\/laryngeal-cancer\/symptoms\/\" \/>\n<meta property=\"og:site_name\" content=\"CMedEd\" \/>\n<meta property=\"article:modified_time\" content=\"2023-08-24T23:48:39+00:00\" \/>\n<meta name=\"twitter:card\" content=\"summary_large_image\" \/>\n<meta name=\"twitter:label1\" content=\"Tiempo de lectura\" \/>\n\t<meta name=\"twitter:data1\" content=\"1 minuto\" \/>\n<script type=\"application\/ld+json\" class=\"yoast-schema-graph\">{\"@context\":\"https:\/\/schema.org\",\"@graph\":[{\"@type\":\"WebPage\",\"@id\":\"https:\/\/cmeded.com\/es\/head-neck\/laryngeal-cancer\/symptoms\/\",\"url\":\"https:\/\/cmeded.com\/es\/head-neck\/laryngeal-cancer\/symptoms\/\",\"name\":\"CMedEd | Informaci\u00f3n para comprender el c\u00e1ncer de laringe | S\u00edntomas\",\"isPartOf\":{\"@id\":\"https:\/\/cmeded.com\/es\/#website\"},\"datePublished\":\"2015-03-10T19:16:27+00:00\",\"dateModified\":\"2023-08-24T23:48:39+00:00\",\"description\":\"S\u00edntomas Comun\u00edquese con el m\u00e9dico si manifiesta algunos de los siguientes s\u00edntomas persistentes: Ronquera o cambio en la voz, que persiste o dura m\u00e1s de\",\"breadcrumb\":{\"@id\":\"https:\/\/cmeded.com\/es\/head-neck\/laryngeal-cancer\/symptoms\/#breadcrumb\"},\"inLanguage\":\"es\",\"potentialAction\":[{\"@type\":\"ReadAction\",\"target\":[\"https:\/\/cmeded.com\/es\/head-neck\/laryngeal-cancer\/symptoms\/\"]}]},{\"@type\":\"BreadcrumbList\",\"@id\":\"https:\/\/cmeded.com\/es\/head-neck\/laryngeal-cancer\/symptoms\/#breadcrumb\",\"itemListElement\":[{\"@type\":\"ListItem\",\"position\":1,\"name\":\"Home\",\"item\":\"https:\/\/cmeded.com\/es\/\"},{\"@type\":\"ListItem\",\"position\":2,\"name\":\"Cabeza y cuello\",\"item\":\"https:\/\/cmeded.com\/es\/head-neck\/\"},{\"@type\":\"ListItem\",\"position\":3,\"name\":\"Informaci\u00f3n para comprender el c\u00e1ncer de laringe\",\"item\":\"https:\/\/cmeded.com\/es\/head-neck\/laryngeal-cancer\/\"},{\"@type\":\"ListItem\",\"position\":4,\"name\":\"S\u00edntomas\"}]},{\"@type\":\"WebSite\",\"@id\":\"https:\/\/cmeded.com\/es\/#website\",\"url\":\"https:\/\/cmeded.com\/es\/\",\"name\":\"CMedEd\",\"description\":\"Recurso principal de informaci\u00f3n sobre el c\u00e1ncer\",\"potentialAction\":[{\"@type\":\"SearchAction\",\"target\":{\"@type\":\"EntryPoint\",\"urlTemplate\":\"https:\/\/cmeded.com\/es\/?s={search_term_string}\"},\"query-input\":{\"@type\":\"PropertyValueSpecification\",\"valueRequired\":true,\"valueName\":\"search_term_string\"}}],\"inLanguage\":\"es\"}]}<\/script>\n<!-- \/ Yoast SEO plugin. -->","yoast_head_json":{"title":"CMedEd | Informaci\u00f3n para comprender el c\u00e1ncer de laringe | S\u00edntomas","description":"S\u00edntomas Comun\u00edquese con el m\u00e9dico si manifiesta algunos de los siguientes s\u00edntomas persistentes: Ronquera o cambio en la voz, que persiste o dura m\u00e1s de","robots":{"index":"index","follow":"follow","max-snippet":"max-snippet:-1","max-image-preview":"max-image-preview:large","max-video-preview":"max-video-preview:-1"},"canonical":"https:\/\/cmeded.com\/es\/head-neck\/laryngeal-cancer\/symptoms\/","og_locale":"es_ES","og_type":"article","og_title":"CMedEd | Informaci\u00f3n para comprender el c\u00e1ncer de laringe | S\u00edntomas","og_description":"S\u00edntomas Comun\u00edquese con el m\u00e9dico si manifiesta algunos de los siguientes s\u00edntomas persistentes: Ronquera o cambio en la voz, que persiste o dura m\u00e1s de","og_url":"https:\/\/cmeded.com\/es\/head-neck\/laryngeal-cancer\/symptoms\/","og_site_name":"CMedEd","article_modified_time":"2023-08-24T23:48:39+00:00","twitter_card":"summary_large_image","twitter_misc":{"Tiempo de lectura":"1 minuto"},"schema":{"@context":"https:\/\/schema.org","@graph":[{"@type":"WebPage","@id":"https:\/\/cmeded.com\/es\/head-neck\/laryngeal-cancer\/symptoms\/","url":"https:\/\/cmeded.com\/es\/head-neck\/laryngeal-cancer\/symptoms\/","name":"CMedEd | Informaci\u00f3n para comprender el c\u00e1ncer de laringe | S\u00edntomas","isPartOf":{"@id":"https:\/\/cmeded.com\/es\/#website"},"datePublished":"2015-03-10T19:16:27+00:00","dateModified":"2023-08-24T23:48:39+00:00","description":"S\u00edntomas Comun\u00edquese con el m\u00e9dico si manifiesta algunos de los siguientes s\u00edntomas persistentes: Ronquera o cambio en la voz, que persiste o dura m\u00e1s de","breadcrumb":{"@id":"https:\/\/cmeded.com\/es\/head-neck\/laryngeal-cancer\/symptoms\/#breadcrumb"},"inLanguage":"es","potentialAction":[{"@type":"ReadAction","target":["https:\/\/cmeded.com\/es\/head-neck\/laryngeal-cancer\/symptoms\/"]}]},{"@type":"BreadcrumbList","@id":"https:\/\/cmeded.com\/es\/head-neck\/laryngeal-cancer\/symptoms\/#breadcrumb","itemListElement":[{"@type":"ListItem","position":1,"name":"Home","item":"https:\/\/cmeded.com\/es\/"},{"@type":"ListItem","position":2,"name":"Cabeza y cuello","item":"https:\/\/cmeded.com\/es\/head-neck\/"},{"@type":"ListItem","position":3,"name":"Informaci\u00f3n para comprender el c\u00e1ncer de laringe","item":"https:\/\/cmeded.com\/es\/head-neck\/laryngeal-cancer\/"},{"@type":"ListItem","position":4,"name":"S\u00edntomas"}]},{"@type":"WebSite","@id":"https:\/\/cmeded.com\/es\/#website","url":"https:\/\/cmeded.com\/es\/","name":"CMedEd","description":"Recurso principal de informaci\u00f3n sobre el c\u00e1ncer","potentialAction":[{"@type":"SearchAction","target":{"@type":"EntryPoint","urlTemplate":"https:\/\/cmeded.com\/es\/?s={search_term_string}"},"query-input":{"@type":"PropertyValueSpecification","valueRequired":true,"valueName":"search_term_string"}}],"inLanguage":"es"}]}},"_links":{"self":[{"href":"https:\/\/cmeded.com\/es\/wp-json\/wp\/v2\/pages\/17961","targetHints":{"allow":["GET"]}}],"collection":[{"href":"https:\/\/cmeded.com\/es\/wp-json\/wp\/v2\/pages"}],"about":[{"href":"https:\/\/cmeded.com\/es\/wp-json\/wp\/v2\/types\/page"}],"author":[{"embeddable":true,"href":"https:\/\/cmeded.com\/es\/wp-json\/wp\/v2\/users\/35"}],"replies":[{"embeddable":true,"href":"https:\/\/cmeded.com\/es\/wp-json\/wp\/v2\/comments?post=17961"}],"version-history":[{"count":0,"href":"https:\/\/cmeded.com\/es\/wp-json\/wp\/v2\/pages\/17961\/revisions"}],"up":[{"embeddable":true,"href":"https:\/\/cmeded.com\/es\/wp-json\/wp\/v2\/pages\/17920"}],"wp:attachment":[{"href":"https:\/\/cmeded.com\/es\/wp-json\/wp\/v2\/media?parent=17961"}],"wp:term":[{"taxonomy":"post_tag","embeddable":true,"href":"https:\/\/cmeded.com\/es\/wp-json\/wp\/v2\/tags?post=17961"}],"curies":[{"name":"wp","href":"https:\/\/api.w.org\/{rel}","templated":true}]}}